{"id":1573,"date":"2020-08-04T11:08:52","date_gmt":"2020-08-04T09:08:52","guid":{"rendered":"https:\/\/sv-koerne83.de\/wordpress\/?post_type=tribe_events&#038;p=1573"},"modified":"2020-08-04T11:08:52","modified_gmt":"2020-08-04T09:08:52","slug":"koerner-treff-2020","status":"publish","type":"tribe_events","link":"https:\/\/sv-koerne83.de\/wordpress\/event\/koerner-treff-2020\/","title":{"rendered":"K\u00f6rner Treff 2020"},"content":{"rendered":"<p>Der K\u00f6rner Treff findet in diesem Jahr nicht wie gewohnt statt. Die Veranstaltung welche sich normalerweise \u00fcber 3 Tage erstreckt, wird in diesem Jahr nur Samstag statt. Ausgerichtet wird der K\u00f6rner Treff auf der Sportanlage vom SV K\u00f6rne 83. Unter Einhaltung der Hygienevorschriften wird die Veranstaltung durchgef\u00fchrt. Eintrittskarten k\u00f6nnen nur vorab erworben werden. Eine Abendkasse gibt es nicht. Die Karten k\u00f6nnen im Vereinsheim gekauft werden. <\/p>\n","protected":false},"excerpt":{"rendered":"<p>Der K\u00f6rner Treff findet in diesem Jahr nicht wie gewohnt statt. Die Veranstaltung welche sich normalerweise \u00fcber 3 Tage erstreckt, wird in diesem Jahr nur Samstag statt. Ausgerichtet wird der [&hellip;]<\/p>\n","protected":false},"author":2,"featured_media":0,"comment_status":"closed","ping_status":"closed","template":"","meta":{"_tribe_events_status":"","_tribe_events_status_reason":"","footnotes":""},"tags":[],"tribe_events_cat":[37,8],"class_list":["post-1573","tribe_events","type-tribe_events","status-publish","hentry","tribe_events_cat-allgemein","tribe_events_cat-feier","cat_allgemein","cat_feier"],"jetpack_sharing_enabled":true,"_links":{"self":[{"href":"https:\/\/sv-koerne83.de\/wordpress\/wp-json\/wp\/v2\/tribe_events\/1573","targetHints":{"allow":["GET"]}}],"collection":[{"href":"https:\/\/sv-koerne83.de\/wordpress\/wp-json\/wp\/v2\/tribe_events"}],"about":[{"href":"https:\/\/sv-koerne83.de\/wordpress\/wp-json\/wp\/v2\/types\/tribe_events"}],"author":[{"embeddable":true,"href":"https:\/\/sv-koerne83.de\/wordpress\/wp-json\/wp\/v2\/users\/2"}],"replies":[{"embeddable":true,"href":"https:\/\/sv-koerne83.de\/wordpress\/wp-json\/wp\/v2\/comments?post=1573"}],"version-history":[{"count":1,"href":"https:\/\/sv-koerne83.de\/wordpress\/wp-json\/wp\/v2\/tribe_events\/1573\/revisions"}],"predecessor-version":[{"id":1574,"href":"https:\/\/sv-koerne83.de\/wordpress\/wp-json\/wp\/v2\/tribe_events\/1573\/revisions\/1574"}],"wp:attachment":[{"href":"https:\/\/sv-koerne83.de\/wordpress\/wp-json\/wp\/v2\/media?parent=1573"}],"wp:term":[{"taxonomy":"post_tag","embeddable":true,"href":"https:\/\/sv-koerne83.de\/wordpress\/wp-json\/wp\/v2\/tags?post=1573"},{"taxonomy":"tribe_events_cat","embeddable":true,"href":"https:\/\/sv-koerne83.de\/wordpress\/wp-json\/wp\/v2\/tribe_events_cat?post=1573"}],"curies":[{"name":"wp","href":"https:\/\/api.w.org\/{rel}","templated":true}]}}