{"id":2722,"date":"2023-01-20T10:11:03","date_gmt":"2023-01-20T09:11:03","guid":{"rendered":"https:\/\/sv-koerne83.de\/wordpress\/?post_type=tribe_events&#038;p=2722"},"modified":"2023-01-20T10:13:19","modified_gmt":"2023-01-20T09:13:19","slug":"youth-cup-2023-d-jugend","status":"publish","type":"tribe_events","link":"https:\/\/sv-koerne83.de\/wordpress\/event\/youth-cup-2023-d-jugend\/","title":{"rendered":"Youth Cup 2023 | D-Jugend"},"content":{"rendered":"\r\n<p>Liebe Fu\u00dfballfreunde, die Jugendabteilung des SV K\u00f6rne 83 veranstaltet im Jahr 2023 wieder ihr traditionelles Jugendturnier. Hierzu m\u00f6chten wir Euch recht herzlich einladen.<\/p>\r\n\r\n\r\n\r\n<p><strong>Termine: <br \/><\/strong>C-Jugend: Sonntag, 04.06.2023 (Gro\u00dffeld) <br \/>D-Jugend: Samstag, 10.06.2023 (Kleinfeld 8+1) <br \/>E-Jugend: Sonntag, 11.06.2023 (Kleinfeld 6+1)<\/p>\r\n\r\n\r\n\r\n<p>Um fr\u00fchzeitig eine endg\u00fcltige Turnierplanung vornehmen zu k\u00f6nnen, bitten wir Euch, sich bis zum <strong>30.04.2023<\/strong> anzumelden. Die Turnierpl\u00e4ne werden wir Euch bei Zusage rechtzeitig \u00fcber das DFBNet Postfach zusenden.<\/p>\r\n\r\n\r\n\r\n<p>Der zeitliche Eingang der Anmeldungen entscheidet \u00fcber die Teilnahme. Leider kommt es immer wieder zu einem unentschuldigten Fernbleiben von gemeldeten Mannschaften. Dies ist \u00e4u\u00dferst \u00e4rgerlich f\u00fcr die Turnierleitung sowie f\u00fcr die Mannschaften, die nicht ber\u00fccksichtigt werden konnten.<\/p>\r\n\r\n\r\n\r\n<p>Wir erheben dieses Jahr kein Startgeld, bitten aber darauf zu achten, dass der Anmeldebogen vollst\u00e4ndig ausgef\u00fcllt ist. Nur vollst\u00e4ndige Anmeldungen werden ber\u00fccksichtigt. Die vollst\u00e4ndige Anmeldung sendet Ihr bitte an <a href=\"mailto:daniel.uffelmann@sv-koerne83.de\">daniel.uffelmann@sv-koerne83.de<\/a><\/p>\r\n\r\n\r\n\r\n<p>Mit sportlichen Gr\u00fc\u00dfen Daniel Uffelmann Jugendleiter SV K\u00f6rne 83 e.V.<\/p>\r\n\r\n\r\n\r\n<div class=\"wp-block-file\"><a href=\"https:\/\/sv-koerne83.de\/wordpress\/wp-content\/uploads\/2023\/01\/Anmeldung-Youth-Cup-2023.pdf\">Anmeldung Youth Cup 2023<\/a><\/div>","protected":false},"excerpt":{"rendered":"<p>Liebe Fu\u00dfballfreunde, die Jugendabteilung des SV K\u00f6rne 83 veranstaltet im Jahr 2023 wieder ihr traditionelles Jugendturnier. Hierzu m\u00f6chten wir Euch recht herzlich einladen. Termine: C-Jugend: Sonntag, 04.06.2023 (Gro\u00dffeld) D-Jugend: Samstag, [&hellip;]<\/p>\n","protected":false},"author":2,"featured_media":0,"comment_status":"closed","ping_status":"closed","template":"","meta":{"_tribe_events_status":"","_tribe_events_status_reason":"","footnotes":""},"tags":[],"tribe_events_cat":[4],"class_list":["post-2722","tribe_events","type-tribe_events","status-publish","hentry","tribe_events_cat-turnier","cat_turnier"],"jetpack_sharing_enabled":true,"_links":{"self":[{"href":"https:\/\/sv-koerne83.de\/wordpress\/wp-json\/wp\/v2\/tribe_events\/2722","targetHints":{"allow":["GET"]}}],"collection":[{"href":"https:\/\/sv-koerne83.de\/wordpress\/wp-json\/wp\/v2\/tribe_events"}],"about":[{"href":"https:\/\/sv-koerne83.de\/wordpress\/wp-json\/wp\/v2\/types\/tribe_events"}],"author":[{"embeddable":true,"href":"https:\/\/sv-koerne83.de\/wordpress\/wp-json\/wp\/v2\/users\/2"}],"replies":[{"embeddable":true,"href":"https:\/\/sv-koerne83.de\/wordpress\/wp-json\/wp\/v2\/comments?post=2722"}],"version-history":[{"count":3,"href":"https:\/\/sv-koerne83.de\/wordpress\/wp-json\/wp\/v2\/tribe_events\/2722\/revisions"}],"predecessor-version":[{"id":2729,"href":"https:\/\/sv-koerne83.de\/wordpress\/wp-json\/wp\/v2\/tribe_events\/2722\/revisions\/2729"}],"wp:attachment":[{"href":"https:\/\/sv-koerne83.de\/wordpress\/wp-json\/wp\/v2\/media?parent=2722"}],"wp:term":[{"taxonomy":"post_tag","embeddable":true,"href":"https:\/\/sv-koerne83.de\/wordpress\/wp-json\/wp\/v2\/tags?post=2722"},{"taxonomy":"tribe_events_cat","embeddable":true,"href":"https:\/\/sv-koerne83.de\/wordpress\/wp-json\/wp\/v2\/tribe_events_cat?post=2722"}],"curies":[{"name":"wp","href":"https:\/\/api.w.org\/{rel}","templated":true}]}}